{"id":116,"date":"2020-09-17T23:15:12","date_gmt":"2020-09-17T21:15:12","guid":{"rendered":"http:\/\/sudristorante.it\/?page_id=116"},"modified":"2024-05-09T17:03:44","modified_gmt":"2024-05-09T15:03:44","slug":"marianna-vitale","status":"publish","type":"page","link":"https:\/\/sudristorante.it\/eng\/marianna-vitale\/","title":{"rendered":"Marianna Vitale"},"content":{"rendered":"<p>[et_pb_section fb_built=&#8221;1&#8243; fullwidth=&#8221;on&#8221; _builder_version=&#8221;4.10.7&#8243; module_alignment=&#8221;left&#8221; min_height_last_edited=&#8221;off|phone&#8221; height_tablet=&#8221;&#8221; height_phone=&#8221;auto&#8221; height_last_edited=&#8221;on|phone&#8221; max_height_last_edited=&#8221;off|tablet&#8221; global_module=&#8221;655&#8243; global_colors_info=&#8221;{}&#8221;][et_pb_fullwidth_menu menu_id=&#8221;2&#8243; logo=&#8221;http:\/\/sudristorante.it\/wp-content\/uploads\/2020\/09\/Sud-Logo-Grey-150b.png&#8221; logo_url=&#8221;https:\/\/sudristorante.it&#8221; show_cart_icon=&#8221;on&#8221; cart_icon_color=&#8221;#808080&#8243; menu_icon_color=&#8221;#808080&#8243; cart_icon_font_size=&#8221;15px&#8221; _builder_version=&#8221;4.10.7&#8243; menu_font=&#8221;Mulish||||||||&#8221; menu_font_size=&#8221;13px&#8221; menu_line_height=&#8221;0em&#8221; global_colors_info=&#8221;{}&#8221;][\/et_pb_fullwidth_menu][\/et_pb_section][et_pb_section fb_built=&#8221;1&#8243; admin_label=&#8221;Header&#8221; _builder_version=&#8221;4.0.6&#8243; background_color=&#8221;#ffffff&#8221; custom_padding=&#8221;50px||0px||false|false&#8221; locked=&#8221;off&#8221; global_colors_info=&#8221;{}&#8221;][et_pb_row column_structure=&#8221;3_5,2_5&#8243; _builder_version=&#8221;4.10.7&#8243; min_height=&#8221;897px&#8221; custom_margin=&#8221;-49px|auto|34px|auto||&#8221; custom_padding=&#8221;0px|||||&#8221; global_colors_info=&#8221;{}&#8221;][et_pb_column type=&#8221;3_5&#8243; _builder_version=&#8221;4.0.6&#8243; custom_padding=&#8221;|48px||48px|false|true&#8221; custom_padding_tablet=&#8221;|30px||30px|false|true&#8221; custom_padding_phone=&#8221;|20px||20px|false|true&#8221; custom_padding_last_edited=&#8221;on|phone&#8221; border_color_all=&#8221;#ffffff&#8221; border_style_all=&#8221;none&#8221; border_width_all_tablet=&#8221;8px&#8221; border_width_all_phone=&#8221;4px&#8221; border_width_all_last_edited=&#8221;on|phone&#8221; global_colors_info=&#8221;{}&#8221;][et_pb_image src=&#8221;https:\/\/sudristorante.it\/wp-content\/uploads\/2020\/09\/Cuore-Sacro-1.png&#8221; title_text=&#8221;Cuore Sacro&#8221; align=&#8221;right&#8221; _builder_version=&#8221;4.10.7&#8243; horizontal_offset_tablet=&#8221;-8vw&#8221; horizontal_offset_phone=&#8221;&#8221; horizontal_offset_last_edited=&#8221;on|phone&#8221; width=&#8221;309px&#8221; width_tablet=&#8221;250px&#8221; width_phone=&#8221;200px&#8221; width_last_edited=&#8221;on|phone&#8221; min_height=&#8221;41px&#8221; custom_margin=&#8221;|-209px|23px|91px||&#8221; custom_padding=&#8221;20px|8px||0px||&#8221; locked=&#8221;off&#8221; global_colors_info=&#8221;{}&#8221;][\/et_pb_image][et_pb_image src=&#8221;https:\/\/sudristorante.it\/wp-content\/uploads\/2020\/09\/Marianna-Vitale-1.jpg&#8221; alt=&#8221;Marianna Vitale&#8221; title_text=&#8221;Marianna Vitale&#8221; _builder_version=&#8221;4.10.7&#8243; custom_margin=&#8221;-44px||-44px||true|false&#8221; custom_margin_tablet=&#8221;-40px||-40px||true|false&#8221; custom_margin_phone=&#8221;-23px||-23px||true|false&#8221; custom_margin_last_edited=&#8221;on|desktop&#8221; custom_padding=&#8221;11px|||||&#8221; locked=&#8221;off&#8221; global_colors_info=&#8221;{}&#8221;][\/et_pb_image][\/et_pb_column][et_pb_column type=&#8221;2_5&#8243; _builder_version=&#8221;4.10.7&#8243; custom_padding=&#8221;60px||60px||true|false&#8221; custom_padding_tablet=&#8221;40px||40px||true|false&#8221; custom_padding_phone=&#8221;&#8221; custom_padding_last_edited=&#8221;on|phone&#8221; global_colors_info=&#8221;{}&#8221;][et_pb_text _builder_version=&#8221;4.10.7&#8243; header_2_font=&#8221;Mulish|||on|||||&#8221; header_2_text_color=&#8221;#000000&#8243; header_2_font_size=&#8221;40px&#8221; header_2_line_height=&#8221;1.4em&#8221; custom_margin=&#8221;||-29px|||&#8221; custom_padding=&#8221;|3px|28px|||&#8221; header_2_font_size_tablet=&#8221;30px&#8221; header_2_font_size_phone=&#8221;26px&#8221; header_2_font_size_last_edited=&#8221;on|phone&#8221; locked=&#8221;off&#8221; inline_fonts=&#8221;Muli&#8221; global_colors_info=&#8221;{}&#8221;]<\/p>\n<h2><span style=\"font-weight: normal;\">MARIANNA VITALE<\/span><\/h2>\n<p>[\/et_pb_text][et_pb_text _builder_version=&#8221;4.10.7&#8243; text_font_size=&#8221;16px&#8221; text_line_height=&#8221;2em&#8221; header_font=&#8221;Mulish||||||||&#8221; custom_margin=&#8221;9px|||||&#8221; custom_padding=&#8221;||0px|||&#8221; text_font_size_tablet=&#8221;14px&#8221; text_font_size_phone=&#8221;&#8221; text_font_size_last_edited=&#8221;on|phone&#8221; locked=&#8221;off&#8221; inline_fonts=&#8221;Muli&#8221; global_colors_info=&#8221;{}&#8221;]<\/p>\n<p>Classe 1980. Nata a Napoli, cresciuta a Porta Capuana.<\/p>\n<p>Marianna si \u00e8 laureata <em>summa cum laude<\/em> nel 2004 in lingua e letteratura spagnola con una tesi sul mito del \u201cConvitato di Pietra\u201d. Votata religiosamente al culto del cibo, nel maggio 2009 ha aperto Sud Ristorante con Pino Esposito a Quarto Flegreo, in provincia di Napoli.<\/p>\n<p>Cucinare in un ristorante, il proprio, \u00e8 fatica, tenacia, scommessa costante, e ci\u00f2 \u00e8 pi\u00f9 tangibile che mai quando si decide di inventare un\u2019oasi nel deserto, ma con imprevedibile rapidit\u00e0\u00a0Sud\u00a0\u00e8 diventato un\u2019affidabile componente dello scenario gastronomico italiano: dal 2011,\u00a0Marianna Vitale\u00a0e\u00a0Sud Ristorante\u00a0vantano l\u2019assegnazione di numerosi premi e riconoscimenti nazionali.<\/p>\n<p>[\/et_pb_text][\/et_pb_column][\/et_pb_row][\/et_pb_section][et_pb_section fb_built=&#8221;1&#8243; fullwidth=&#8221;on&#8221; _builder_version=&#8221;4.10.7&#8243; _module_preset=&#8221;default&#8221; custom_margin=&#8221;0px||0px||false|false&#8221; custom_padding=&#8221;0px||0px||false|false&#8221; global_colors_info=&#8221;{}&#8221;][et_pb_fullwidth_header text_orientation=&#8221;right&#8221; _builder_version=&#8221;4.10.7&#8243; _module_preset=&#8221;default&#8221; content_text_align=&#8221;right&#8221; content_font_size=&#8221;15px&#8221; content_quote_border_weight=&#8221;6px&#8221; content_quote_border_color=&#8221;#E02B20&#8243; content_quote_font=&#8221;Mulish||||||||&#8221; content_quote_text_align=&#8221;right&#8221; content_quote_text_color=&#8221;#000000&#8243; background_color=&#8221;#FFFFFF&#8221; locked=&#8221;off&#8221; global_colors_info=&#8221;{}&#8221;]<\/p>\n<blockquote>\n<p style=\"text-align: right;\"><span style=\"color: #808080;\">&#8220;Dopo aver intrapreso studi accademici, Marianna si accorge ben presto che la sua vera passione \u00e8 la cucina, nonch\u00e8 la volont\u00e0 di creare momenti indimenticabili per i suoi ospiti. Con umilt\u00e0, tanto lavoro e un amore incondizionato per la propria terra natia persegue la sfida pi\u00f9 grande. Nasce cos\u00ec <strong>SUD<\/strong>, il progetto di ristorazione che valorizza il territorio e mostra tutta l&#8217;energia positiva di questa giovane chef, che ha saputo creare un locale tra i pi\u00f9 interessanti del panorama gastronomico partenopeo. Percorsi di gusto (elaborati giornalmente) portano lontano facendo sentire il commensale, comunque a casa; il pesce ha la meglio&#8221;<br \/><\/span><br \/><span style=\"color: #808080;\"><em>La Guida Michelin 2022<\/em><\/span><\/p>\n<\/blockquote>\n<p>[\/et_pb_fullwidth_header][\/et_pb_section][et_pb_section fb_built=&#8221;1&#8243; specialty=&#8221;on&#8221; admin_label=&#8221;Timeline&#8221; _builder_version=&#8221;4.10.7&#8243; background_color=&#8221;#ffffff&#8221; min_height=&#8221;1676px&#8221; overflow-x=&#8221;hidden&#8221; overflow-y=&#8221;hidden&#8221; custom_margin=&#8221;0px||||false|false&#8221; custom_padding=&#8221;0px||0px||false|false&#8221; global_colors_info=&#8221;{}&#8221;][et_pb_column type=&#8221;1_3&#8243; _builder_version=&#8221;3.25&#8243; custom_padding=&#8221;|||&#8221; global_colors_info=&#8221;{}&#8221; custom_padding__hover=&#8221;|||&#8221;][\/et_pb_column][et_pb_column type=&#8221;2_3&#8243; specialty_columns=&#8221;2&#8243; _builder_version=&#8221;3.25&#8243; custom_padding=&#8221;|||&#8221; global_colors_info=&#8221;{}&#8221; custom_padding__hover=&#8221;|||&#8221;][et_pb_row_inner _builder_version=&#8221;4.10.7&#8243; background_image=&#8221;http:\/\/sudristorante.it\/wp-content\/uploads\/2021\/10\/Dot-1.png&#8221; background_size=&#8221;initial&#8221; background_position=&#8221;top_center&#8221; background_repeat=&#8221;repeat-y&#8221; min_height=&#8221;2189px&#8221; custom_margin=&#8221;0px||0px||false|false&#8221; custom_padding=&#8221;|||0px|false|false&#8221; filter_saturate=&#8221;200%&#8221; filter_brightness=&#8221;88%&#8221; background_last_edited=&#8221;on|desktop&#8221; background_position_phone=&#8221;top_left&#8221; global_colors_info=&#8221;{}&#8221;][et_pb_column_inner saved_specialty_column_type=&#8221;2_3&#8243; _builder_version=&#8221;4.10.7&#8243; global_colors_info=&#8221;{}&#8221;][et_pb_text _builder_version=&#8221;4.10.7&#8243; header_3_font=&#8221;Oswald|||on|||||&#8221; header_3_font_size=&#8221;40px&#8221; header_3_line_height=&#8221;1.4em&#8221; header_4_font=&#8221;Oswald||||||||&#8221; header_4_text_color=&#8221;#df5518&#8243; header_4_font_size=&#8221;20px&#8221; header_4_line_height=&#8221;1.4em&#8221; text_orientation=&#8221;right&#8221; width=&#8221;45%&#8221; width_tablet=&#8221;&#8221; width_phone=&#8221;90%&#8221; width_last_edited=&#8221;on|phone&#8221; min_height=&#8221;72px&#8221; custom_padding_tablet=&#8221;0px||0px||true|false&#8221; custom_padding_last_edited=&#8221;off|desktop&#8221; header_3_font_size_tablet=&#8221;28px&#8221; header_3_font_size_phone=&#8221;18px&#8221; header_3_font_size_last_edited=&#8221;on|phone&#8221; header_4_font_size_tablet=&#8221;16px&#8221; header_4_font_size_phone=&#8221;14px&#8221; header_4_font_size_last_edited=&#8221;on|phone&#8221; text_orientation_tablet=&#8221;&#8221; text_orientation_phone=&#8221;left&#8221; text_orientation_last_edited=&#8221;on|phone&#8221; module_alignment_tablet=&#8221;&#8221; module_alignment_phone=&#8221;right&#8221; module_alignment_last_edited=&#8221;on|phone&#8221; locked=&#8221;off&#8221; inline_fonts=&#8221;Muli,Mukta Mahee&#8221; global_colors_info=&#8221;{}&#8221;]<\/p>\n<h4><span style=\"color: #e02b20;\">2009<\/span><\/h4>\n<h3>nasce sud<\/h3>\n<p><span style=\"font-weight: normal; font-size: medium;\">Il 12 maggio 2009 Marianna Vitale e Pino Esposito inaugurano Sud Ristorante, a Quarto Flegreo.<\/span>[\/et_pb_text][et_pb_text _builder_version=&#8221;4.10.7&#8243; header_3_font=&#8221;Oswald|||on|||||&#8221; header_3_font_size=&#8221;40px&#8221; header_3_line_height=&#8221;1.4em&#8221; header_4_font=&#8221;Oswald||||||||&#8221; header_4_text_color=&#8221;#df5518&#8243; header_4_font_size=&#8221;20px&#8221; header_4_line_height=&#8221;1.4em&#8221; width=&#8221;45%&#8221; width_tablet=&#8221;&#8221; width_phone=&#8221;90%&#8221; width_last_edited=&#8221;on|phone&#8221; module_alignment=&#8221;right&#8221; custom_padding_tablet=&#8221;0px||0px||true|false&#8221; custom_padding_last_edited=&#8221;off|desktop&#8221; header_3_font_size_tablet=&#8221;28px&#8221; header_3_font_size_phone=&#8221;18px&#8221; header_3_font_size_last_edited=&#8221;on|phone&#8221; header_4_font_size_tablet=&#8221;16px&#8221; header_4_font_size_phone=&#8221;14px&#8221; header_4_font_size_last_edited=&#8221;on|phone&#8221; module_alignment_tablet=&#8221;&#8221; module_alignment_phone=&#8221;right&#8221; module_alignment_last_edited=&#8221;on|phone&#8221; locked=&#8221;off&#8221; inline_fonts=&#8221;Muli&#8221; global_colors_info=&#8221;{}&#8221; header_2_3_font_size_tablet=&#8221;28px&#8221; header_3_3_font_size_tablet=&#8221;28px&#8221; header_4_3_font_size_tablet=&#8221;28px&#8221; header_5_3_font_size_tablet=&#8221;28px&#8221; header_6_3_font_size_tablet=&#8221;28px&#8221; header_2_3_font_size_phone=&#8221;18px&#8221; header_3_3_font_size_phone=&#8221;18px&#8221; header_4_3_font_size_phone=&#8221;18px&#8221; header_5_3_font_size_phone=&#8221;18px&#8221; header_6_3_font_size_phone=&#8221;18px&#8221; header_2_3_font_size_last_edited=&#8221;on|phone&#8221; header_3_3_font_size_last_edited=&#8221;on|phone&#8221; header_4_3_font_size_last_edited=&#8221;on|phone&#8221; header_5_3_font_size_last_edited=&#8221;on|phone&#8221; header_6_3_font_size_last_edited=&#8221;on|phone&#8221;]<\/p>\n<h4><span style=\"color: #e02b20;\">2011<\/span><\/h4>\n<h3>chef emergente<\/h3>\n<p><span style=\"font-weight: normal; font-size: medium;\">Marianna \u00e8 miglior chef emergente d&#8217;Italia del 2011 per &#8220;il Sole 24 Ore&#8221;.<\/span>[\/et_pb_text][et_pb_text _builder_version=&#8221;4.10.7&#8243; header_3_font=&#8221;Oswald|||on|||||&#8221; header_3_font_size=&#8221;40px&#8221; header_3_line_height=&#8221;1.4em&#8221; header_4_font=&#8221;Oswald||||||||&#8221; header_4_text_color=&#8221;#df5518&#8243; header_4_font_size=&#8221;20px&#8221; header_4_line_height=&#8221;1.4em&#8221; text_orientation=&#8221;right&#8221; width=&#8221;45%&#8221; width_tablet=&#8221;&#8221; width_phone=&#8221;90%&#8221; width_last_edited=&#8221;on|phone&#8221; header_3_font_size_tablet=&#8221;28px&#8221; header_3_font_size_phone=&#8221;18px&#8221; header_3_font_size_last_edited=&#8221;on|phone&#8221; header_4_font_size_tablet=&#8221;16px&#8221; header_4_font_size_phone=&#8221;14px&#8221; header_4_font_size_last_edited=&#8221;on|phone&#8221; text_orientation_tablet=&#8221;&#8221; text_orientation_phone=&#8221;left&#8221; text_orientation_last_edited=&#8221;on|phone&#8221; module_alignment_tablet=&#8221;&#8221; module_alignment_phone=&#8221;right&#8221; module_alignment_last_edited=&#8221;on|phone&#8221; locked=&#8221;off&#8221; inline_fonts=&#8221;Muli&#8221; global_colors_info=&#8221;{}&#8221; header_2_3_font_size_tablet=&#8221;28px&#8221; header_3_3_font_size_tablet=&#8221;28px&#8221; header_4_3_font_size_tablet=&#8221;28px&#8221; header_5_3_font_size_tablet=&#8221;28px&#8221; header_6_3_font_size_tablet=&#8221;28px&#8221; header_2_3_font_size_phone=&#8221;18px&#8221; header_3_3_font_size_phone=&#8221;18px&#8221; header_4_3_font_size_phone=&#8221;18px&#8221; header_5_3_font_size_phone=&#8221;18px&#8221; header_6_3_font_size_phone=&#8221;18px&#8221; header_2_3_font_size_last_edited=&#8221;on|phone&#8221; header_3_3_font_size_last_edited=&#8221;on|phone&#8221; header_4_3_font_size_last_edited=&#8221;on|phone&#8221; header_5_3_font_size_last_edited=&#8221;on|phone&#8221; header_6_3_font_size_last_edited=&#8221;on|phone&#8221;]<\/p>\n<h4><span style=\"color: #e02b20;\">2012<\/span><\/h4>\n<h3><span style=\"color: #e02b20;\">stella michelin<\/span><\/h3>\n<p><span style=\"font-weight: normal; font-size: medium;\">A due anni e mezzo dall&#8217;apertura, Sud riceve la stella delle Guide Michelin. La prima di sempre per un ristorante nei Campi Flegrei.<\/span>[\/et_pb_text][et_pb_text _builder_version=&#8221;4.10.7&#8243; header_3_font=&#8221;Oswald|||on|||||&#8221; header_3_font_size=&#8221;40px&#8221; header_3_line_height=&#8221;1.4em&#8221; header_4_font=&#8221;Oswald||||||||&#8221; header_4_text_color=&#8221;#df5518&#8243; header_4_font_size=&#8221;20px&#8221; header_4_line_height=&#8221;1.4em&#8221; width=&#8221;45%&#8221; width_tablet=&#8221;&#8221; width_phone=&#8221;90%&#8221; width_last_edited=&#8221;on|phone&#8221; module_alignment=&#8221;right&#8221; custom_padding=&#8221;||0px|||&#8221; custom_padding_tablet=&#8221;0px||0px||true|false&#8221; custom_padding_last_edited=&#8221;off|desktop&#8221; header_3_font_size_tablet=&#8221;28px&#8221; header_3_font_size_phone=&#8221;18px&#8221; header_3_font_size_last_edited=&#8221;on|phone&#8221; header_4_font_size_tablet=&#8221;16px&#8221; header_4_font_size_phone=&#8221;14px&#8221; header_4_font_size_last_edited=&#8221;on|phone&#8221; module_alignment_tablet=&#8221;&#8221; module_alignment_phone=&#8221;right&#8221; module_alignment_last_edited=&#8221;on|phone&#8221; locked=&#8221;off&#8221; inline_fonts=&#8221;Muli&#8221; global_colors_info=&#8221;{}&#8221; header_2_3_font_size_tablet=&#8221;28px&#8221; header_3_3_font_size_tablet=&#8221;28px&#8221; header_4_3_font_size_tablet=&#8221;28px&#8221; header_5_3_font_size_tablet=&#8221;28px&#8221; header_6_3_font_size_tablet=&#8221;28px&#8221; header_2_3_font_size_phone=&#8221;18px&#8221; header_3_3_font_size_phone=&#8221;18px&#8221; header_4_3_font_size_phone=&#8221;18px&#8221; header_5_3_font_size_phone=&#8221;18px&#8221; header_6_3_font_size_phone=&#8221;18px&#8221; header_2_3_font_size_last_edited=&#8221;on|phone&#8221; header_3_3_font_size_last_edited=&#8221;on|phone&#8221; header_4_3_font_size_last_edited=&#8221;on|phone&#8221; header_5_3_font_size_last_edited=&#8221;on|phone&#8221; header_6_3_font_size_last_edited=&#8221;on|phone&#8221;]<\/p>\n<h4><span style=\"color: #e02b20;\">2015<\/span><\/h4>\n<h3>miglior cuoca d&#8217;italia<\/h3>\n<p><span style=\"font-weight: normal; font-size: medium;\">Marianna \u00e8 la miglior cuoca d&#8217;Italia del 2015 sia per le guide de &#8220;l&#8217;Espresso&#8221; che per le guide di &#8220;Identit\u00e0 Golose&#8221;.<\/span>[\/et_pb_text][et_pb_text _builder_version=&#8221;4.10.7&#8243; header_3_font=&#8221;Oswald|||on|||||&#8221; header_3_font_size=&#8221;40px&#8221; header_3_line_height=&#8221;1.4em&#8221; header_4_font=&#8221;Oswald||||||||&#8221; header_4_text_color=&#8221;#df5518&#8243; header_4_font_size=&#8221;20px&#8221; header_4_line_height=&#8221;1.4em&#8221; width=&#8221;45%&#8221; width_tablet=&#8221;&#8221; width_phone=&#8221;90%&#8221; width_last_edited=&#8221;on|phone&#8221; module_alignment=&#8221;right&#8221; custom_padding_tablet=&#8221;0px||0px||true|false&#8221; custom_padding_last_edited=&#8221;off|desktop&#8221; header_3_font_size_tablet=&#8221;28px&#8221; header_3_font_size_phone=&#8221;18px&#8221; header_3_font_size_last_edited=&#8221;on|phone&#8221; header_4_font_size_tablet=&#8221;16px&#8221; header_4_font_size_phone=&#8221;14px&#8221; header_4_font_size_last_edited=&#8221;on|phone&#8221; module_alignment_tablet=&#8221;&#8221; module_alignment_phone=&#8221;right&#8221; module_alignment_last_edited=&#8221;on|phone&#8221; locked=&#8221;off&#8221; inline_fonts=&#8221;Muli&#8221; global_colors_info=&#8221;{}&#8221; header_2_3_font_size_tablet=&#8221;28px&#8221; header_3_3_font_size_tablet=&#8221;28px&#8221; header_4_3_font_size_tablet=&#8221;28px&#8221; header_5_3_font_size_tablet=&#8221;28px&#8221; header_6_3_font_size_tablet=&#8221;28px&#8221; header_2_3_font_size_phone=&#8221;18px&#8221; header_3_3_font_size_phone=&#8221;18px&#8221; header_4_3_font_size_phone=&#8221;18px&#8221; header_5_3_font_size_phone=&#8221;18px&#8221; header_6_3_font_size_phone=&#8221;18px&#8221; header_2_3_font_size_last_edited=&#8221;on|phone&#8221; header_3_3_font_size_last_edited=&#8221;on|phone&#8221; header_4_3_font_size_last_edited=&#8221;on|phone&#8221; header_5_3_font_size_last_edited=&#8221;on|phone&#8221; header_6_3_font_size_last_edited=&#8221;on|phone&#8221;]<\/p>\n<h4><span style=\"color: #e02b20;\">2015<\/span><\/h4>\n<h3>&#8220;impepata&#8221; piatto dell&#8217;anno<\/h3>\n<p><span style=\"font-weight: normal; font-size: medium;\">L&#8217;impepata di Marianna \u00e8 il piatto dell&#8217;anno 2015 per &#8220;il Mattino&#8221; di Napoli.<\/span>[\/et_pb_text][et_pb_text _builder_version=&#8221;4.10.7&#8243; header_3_font=&#8221;Oswald|||on|||||&#8221; header_3_font_size=&#8221;40px&#8221; header_3_line_height=&#8221;1.4em&#8221; header_4_font=&#8221;Oswald||||||||&#8221; header_4_text_color=&#8221;#df5518&#8243; header_4_font_size=&#8221;20px&#8221; header_4_line_height=&#8221;1.4em&#8221; text_orientation=&#8221;right&#8221; width=&#8221;45%&#8221; width_tablet=&#8221;&#8221; width_phone=&#8221;90%&#8221; width_last_edited=&#8221;on|phone&#8221; header_3_font_size_tablet=&#8221;28px&#8221; header_3_font_size_phone=&#8221;18px&#8221; header_3_font_size_last_edited=&#8221;on|phone&#8221; header_4_font_size_tablet=&#8221;16px&#8221; header_4_font_size_phone=&#8221;14px&#8221; header_4_font_size_last_edited=&#8221;on|phone&#8221; text_orientation_tablet=&#8221;&#8221; text_orientation_phone=&#8221;left&#8221; text_orientation_last_edited=&#8221;on|phone&#8221; module_alignment_tablet=&#8221;&#8221; module_alignment_phone=&#8221;right&#8221; module_alignment_last_edited=&#8221;on|phone&#8221; locked=&#8221;off&#8221; inline_fonts=&#8221;Muli&#8221; global_colors_info=&#8221;{}&#8221; header_2_3_font_size_tablet=&#8221;28px&#8221; header_3_3_font_size_tablet=&#8221;28px&#8221; header_4_3_font_size_tablet=&#8221;28px&#8221; header_5_3_font_size_tablet=&#8221;28px&#8221; header_6_3_font_size_tablet=&#8221;28px&#8221; header_2_3_font_size_phone=&#8221;18px&#8221; header_3_3_font_size_phone=&#8221;18px&#8221; header_4_3_font_size_phone=&#8221;18px&#8221; header_5_3_font_size_phone=&#8221;18px&#8221; header_6_3_font_size_phone=&#8221;18px&#8221; header_2_3_font_size_last_edited=&#8221;on|phone&#8221; header_3_3_font_size_last_edited=&#8221;on|phone&#8221; header_4_3_font_size_last_edited=&#8221;on|phone&#8221; header_5_3_font_size_last_edited=&#8221;on|phone&#8221; header_6_3_font_size_last_edited=&#8221;on|phone&#8221;]<\/p>\n<h4><span style=\"color: #e02b20;\">2017<\/span><\/h4>\n<h3>premio identit\u00e0 donna<\/h3>\n<p><span style=\"font-weight: normal; font-size: medium;\">Marianna riceve a Milano il premio &#8220;Identit\u00e0 Donna&#8221; di Identit\u00e0 Golose.<\/span>[\/et_pb_text][et_pb_text _builder_version=&#8221;4.10.7&#8243; header_3_font=&#8221;Oswald|||on|||||&#8221; header_3_font_size=&#8221;40px&#8221; header_3_line_height=&#8221;1.4em&#8221; header_4_font=&#8221;Oswald||||||||&#8221; header_4_text_color=&#8221;#df5518&#8243; header_4_font_size=&#8221;20px&#8221; header_4_line_height=&#8221;1.4em&#8221; width=&#8221;45%&#8221; width_tablet=&#8221;&#8221; width_phone=&#8221;90%&#8221; width_last_edited=&#8221;on|phone&#8221; module_alignment=&#8221;right&#8221; custom_padding_tablet=&#8221;0px||0px||true|false&#8221; custom_padding_last_edited=&#8221;off|desktop&#8221; header_3_font_size_tablet=&#8221;28px&#8221; header_3_font_size_phone=&#8221;18px&#8221; header_3_font_size_last_edited=&#8221;on|phone&#8221; header_4_font_size_tablet=&#8221;16px&#8221; header_4_font_size_phone=&#8221;14px&#8221; header_4_font_size_last_edited=&#8221;on|phone&#8221; module_alignment_tablet=&#8221;&#8221; module_alignment_phone=&#8221;right&#8221; module_alignment_last_edited=&#8221;on|phone&#8221; locked=&#8221;off&#8221; inline_fonts=&#8221;Muli&#8221; global_colors_info=&#8221;{}&#8221; header_2_3_font_size_tablet=&#8221;28px&#8221; header_3_3_font_size_tablet=&#8221;28px&#8221; header_4_3_font_size_tablet=&#8221;28px&#8221; header_5_3_font_size_tablet=&#8221;28px&#8221; header_6_3_font_size_tablet=&#8221;28px&#8221; header_2_3_font_size_phone=&#8221;18px&#8221; header_3_3_font_size_phone=&#8221;18px&#8221; header_4_3_font_size_phone=&#8221;18px&#8221; header_5_3_font_size_phone=&#8221;18px&#8221; header_6_3_font_size_phone=&#8221;18px&#8221; header_2_3_font_size_last_edited=&#8221;on|phone&#8221; header_3_3_font_size_last_edited=&#8221;on|phone&#8221; header_4_3_font_size_last_edited=&#8221;on|phone&#8221; header_5_3_font_size_last_edited=&#8221;on|phone&#8221; header_6_3_font_size_last_edited=&#8221;on|phone&#8221;]<\/p>\n<h4><span style=\"color: #00aea5;\">2019<\/span><\/h4>\n<h3><span style=\"color: #00aea5;\">angelina<\/span><\/h3>\n<p><span style=\"font-weight: normal; font-size: medium;\">Il 19 gennaio apre a Bacoli il take-away di Sud Ristorante: <a href=\"http:\/\/www.angelinatavolacalda.it\">Angelina Tavola Calda Moderna<\/a>.<\/span><span style=\"font-family: Muli; font-weight: normal; font-size: large;\"><\/span><\/p>\n<p>[\/et_pb_text][et_pb_text _builder_version=&#8221;4.10.7&#8243; header_3_font=&#8221;Oswald|||on|||||&#8221; header_3_font_size=&#8221;40px&#8221; header_3_line_height=&#8221;1.4em&#8221; header_4_font=&#8221;Oswald||||||||&#8221; header_4_text_color=&#8221;#df5518&#8243; header_4_font_size=&#8221;20px&#8221; header_4_line_height=&#8221;1.4em&#8221; text_orientation=&#8221;right&#8221; width=&#8221;45%&#8221; width_tablet=&#8221;&#8221; width_phone=&#8221;90%&#8221; width_last_edited=&#8221;on|phone&#8221; header_3_font_size_tablet=&#8221;28px&#8221; header_3_font_size_phone=&#8221;18px&#8221; header_3_font_size_last_edited=&#8221;on|phone&#8221; header_4_font_size_tablet=&#8221;16px&#8221; header_4_font_size_phone=&#8221;14px&#8221; header_4_font_size_last_edited=&#8221;on|phone&#8221; text_orientation_tablet=&#8221;&#8221; text_orientation_phone=&#8221;left&#8221; text_orientation_last_edited=&#8221;on|phone&#8221; module_alignment_tablet=&#8221;&#8221; module_alignment_phone=&#8221;right&#8221; module_alignment_last_edited=&#8221;on|phone&#8221; locked=&#8221;off&#8221; inline_fonts=&#8221;Muli&#8221; global_colors_info=&#8221;{}&#8221; header_2_3_font_size_tablet=&#8221;28px&#8221; header_3_3_font_size_tablet=&#8221;28px&#8221; header_4_3_font_size_tablet=&#8221;28px&#8221; header_5_3_font_size_tablet=&#8221;28px&#8221; header_6_3_font_size_tablet=&#8221;28px&#8221; header_2_3_font_size_phone=&#8221;18px&#8221; header_3_3_font_size_phone=&#8221;18px&#8221; header_4_3_font_size_phone=&#8221;18px&#8221; header_5_3_font_size_phone=&#8221;18px&#8221; header_6_3_font_size_phone=&#8221;18px&#8221; header_2_3_font_size_last_edited=&#8221;on|phone&#8221; header_3_3_font_size_last_edited=&#8221;on|phone&#8221; header_4_3_font_size_last_edited=&#8221;on|phone&#8221; header_5_3_font_size_last_edited=&#8221;on|phone&#8221; header_6_3_font_size_last_edited=&#8221;on|phone&#8221;]<\/p>\n<h4><span style=\"color: #e02b20;\">2020<\/span><\/h4>\n<h3>miglior ristorante di pasta<\/h3>\n<p><span style=\"font-weight: normal; font-size: medium;\">Le guide del Gambero Rosso premiano Sud come miglior ristorante italiano per la proposta di pasta.<\/span>[\/et_pb_text][et_pb_text _builder_version=&#8221;4.10.7&#8243; header_3_font=&#8221;Oswald|||on|||||&#8221; header_3_font_size=&#8221;40px&#8221; header_3_line_height=&#8221;1.4em&#8221; header_4_font=&#8221;Oswald||||||||&#8221; header_4_text_color=&#8221;#df5518&#8243; header_4_font_size=&#8221;20px&#8221; header_4_line_height=&#8221;1.4em&#8221; text_orientation=&#8221;right&#8221; width=&#8221;45%&#8221; width_tablet=&#8221;&#8221; width_phone=&#8221;90%&#8221; width_last_edited=&#8221;on|phone&#8221; header_3_font_size_tablet=&#8221;28px&#8221; header_3_font_size_phone=&#8221;18px&#8221; header_3_font_size_last_edited=&#8221;on|phone&#8221; header_4_font_size_tablet=&#8221;16px&#8221; header_4_font_size_phone=&#8221;14px&#8221; header_4_font_size_last_edited=&#8221;on|phone&#8221; text_orientation_tablet=&#8221;&#8221; text_orientation_phone=&#8221;left&#8221; text_orientation_last_edited=&#8221;on|phone&#8221; module_alignment_tablet=&#8221;&#8221; module_alignment_phone=&#8221;right&#8221; module_alignment_last_edited=&#8221;on|phone&#8221; locked=&#8221;off&#8221; inline_fonts=&#8221;Muli&#8221; global_colors_info=&#8221;{}&#8221; header_2_3_font_size_tablet=&#8221;28px&#8221; header_3_3_font_size_tablet=&#8221;28px&#8221; header_4_3_font_size_tablet=&#8221;28px&#8221; header_5_3_font_size_tablet=&#8221;28px&#8221; header_6_3_font_size_tablet=&#8221;28px&#8221; header_2_3_font_size_phone=&#8221;18px&#8221; header_3_3_font_size_phone=&#8221;18px&#8221; header_4_3_font_size_phone=&#8221;18px&#8221; header_5_3_font_size_phone=&#8221;18px&#8221; header_6_3_font_size_phone=&#8221;18px&#8221; header_2_3_font_size_last_edited=&#8221;on|phone&#8221; header_3_3_font_size_last_edited=&#8221;on|phone&#8221; header_4_3_font_size_last_edited=&#8221;on|phone&#8221; header_5_3_font_size_last_edited=&#8221;on|phone&#8221; header_6_3_font_size_last_edited=&#8221;on|phone&#8221;]<\/p>\n<h4><span style=\"color: #e02b20;\">2020<\/span><\/h4>\n<h3>premio &#8220;chef donna&#8221; 2020 michelin<\/h3>\n<p><span style=\"font-weight: normal; font-size: medium;\">Le Guide Michelin premiano Marianna Vitale come miglior chef donna 2020\u00a0\u201cper la tenacia con cui ha costruito un progetto di ristorazione di qualit\u00e0 al di fuori dei circuiti turistici della sua regione\u201d.<\/span>[\/et_pb_text][et_pb_text _builder_version=&#8221;4.10.7&#8243; header_3_font=&#8221;Oswald|||on|||||&#8221; header_3_font_size=&#8221;40px&#8221; header_3_line_height=&#8221;1.4em&#8221; header_4_font=&#8221;Oswald||||||||&#8221; header_4_text_color=&#8221;#df5518&#8243; header_4_font_size=&#8221;20px&#8221; header_4_line_height=&#8221;1.4em&#8221; width=&#8221;45%&#8221; width_tablet=&#8221;&#8221; width_phone=&#8221;90%&#8221; width_last_edited=&#8221;on|phone&#8221; module_alignment=&#8221;right&#8221; custom_padding_tablet=&#8221;0px||0px||true|false&#8221; custom_padding_last_edited=&#8221;off|desktop&#8221; header_3_font_size_tablet=&#8221;28px&#8221; header_3_font_size_phone=&#8221;18px&#8221; header_3_font_size_last_edited=&#8221;on|phone&#8221; header_4_font_size_tablet=&#8221;16px&#8221; header_4_font_size_phone=&#8221;14px&#8221; header_4_font_size_last_edited=&#8221;on|phone&#8221; module_alignment_tablet=&#8221;&#8221; module_alignment_phone=&#8221;right&#8221; module_alignment_last_edited=&#8221;on|phone&#8221; locked=&#8221;off&#8221; inline_fonts=&#8221;Muli&#8221; global_colors_info=&#8221;{}&#8221; header_2_3_font_size_tablet=&#8221;28px&#8221; header_3_3_font_size_tablet=&#8221;28px&#8221; header_4_3_font_size_tablet=&#8221;28px&#8221; header_5_3_font_size_tablet=&#8221;28px&#8221; header_6_3_font_size_tablet=&#8221;28px&#8221; header_2_3_font_size_phone=&#8221;18px&#8221; header_3_3_font_size_phone=&#8221;18px&#8221; header_4_3_font_size_phone=&#8221;18px&#8221; header_5_3_font_size_phone=&#8221;18px&#8221; header_6_3_font_size_phone=&#8221;18px&#8221; header_2_3_font_size_last_edited=&#8221;on|phone&#8221; header_3_3_font_size_last_edited=&#8221;on|phone&#8221; header_4_3_font_size_last_edited=&#8221;on|phone&#8221; header_5_3_font_size_last_edited=&#8221;on|phone&#8221; header_6_3_font_size_last_edited=&#8221;on|phone&#8221;]<\/p>\n<h4><span style=\"color: #00aea5;\">2021<\/span><\/h4>\n<h3><span style=\"color: #00aea5;\">angelina pozzuoli<\/span><\/h3>\n<p><span style=\"font-weight: normal; font-size: medium;\">Il 10 agosto apre a Pozzuoli la seconda sede di Angelina Tavola Calda Moderna.<\/span><span style=\"font-family: Muli; font-weight: normal; font-size: medium;\"><\/span>[\/et_pb_text][et_pb_text _builder_version=&#8221;4.10.7&#8243; header_3_font=&#8221;Oswald|||on|||||&#8221; header_3_font_size=&#8221;40px&#8221; header_3_line_height=&#8221;1.4em&#8221; header_4_font=&#8221;Oswald||||||||&#8221; header_4_text_color=&#8221;#df5518&#8243; header_4_font_size=&#8221;20px&#8221; header_4_line_height=&#8221;1.4em&#8221; text_orientation=&#8221;right&#8221; width=&#8221;45%&#8221; width_tablet=&#8221;&#8221; width_phone=&#8221;90%&#8221; width_last_edited=&#8221;on|phone&#8221; header_3_font_size_tablet=&#8221;28px&#8221; header_3_font_size_phone=&#8221;18px&#8221; header_3_font_size_last_edited=&#8221;on|phone&#8221; header_4_font_size_tablet=&#8221;16px&#8221; header_4_font_size_phone=&#8221;14px&#8221; header_4_font_size_last_edited=&#8221;on|phone&#8221; text_orientation_tablet=&#8221;&#8221; text_orientation_phone=&#8221;left&#8221; text_orientation_last_edited=&#8221;on|phone&#8221; module_alignment_tablet=&#8221;&#8221; module_alignment_phone=&#8221;right&#8221; module_alignment_last_edited=&#8221;on|phone&#8221; locked=&#8221;off&#8221; inline_fonts=&#8221;Muli&#8221; global_colors_info=&#8221;{}&#8221; header_2_3_font_size_tablet=&#8221;28px&#8221; header_3_3_font_size_tablet=&#8221;28px&#8221; header_4_3_font_size_tablet=&#8221;28px&#8221; header_5_3_font_size_tablet=&#8221;28px&#8221; header_6_3_font_size_tablet=&#8221;28px&#8221; header_2_3_font_size_phone=&#8221;18px&#8221; header_3_3_font_size_phone=&#8221;18px&#8221; header_4_3_font_size_phone=&#8221;18px&#8221; header_5_3_font_size_phone=&#8221;18px&#8221; header_6_3_font_size_phone=&#8221;18px&#8221; header_2_3_font_size_last_edited=&#8221;on|phone&#8221; header_3_3_font_size_last_edited=&#8221;on|phone&#8221; header_4_3_font_size_last_edited=&#8221;on|phone&#8221; header_5_3_font_size_last_edited=&#8221;on|phone&#8221; header_6_3_font_size_last_edited=&#8221;on|phone&#8221;]<\/p>\n<h4><span style=\"color: #0099cc;\">2022<\/span><\/h4>\n<h3><span style=\"color: #0099cc;\">cornetto &#8220;sud&#8221;<\/span><\/h3>\n<p><span style=\"font-weight: normal; font-size: medium;\">Marianna firma la ricetta della limited edition stellata di Cornetto Algida: nasce Cornetto SUD.<\/span><\/p>\n<p>[\/et_pb_text][et_pb_text _builder_version=&#8221;4.10.7&#8243; header_3_font=&#8221;Oswald|||on|||||&#8221; header_3_font_size=&#8221;40px&#8221; header_3_line_height=&#8221;1.4em&#8221; header_4_font=&#8221;Oswald||||||||&#8221; header_4_text_color=&#8221;#df5518&#8243; header_4_font_size=&#8221;20px&#8221; header_4_line_height=&#8221;1.4em&#8221; text_orientation=&#8221;right&#8221; width=&#8221;45%&#8221; width_tablet=&#8221;&#8221; width_phone=&#8221;90%&#8221; width_last_edited=&#8221;on|phone&#8221; header_3_font_size_tablet=&#8221;28px&#8221; header_3_font_size_phone=&#8221;18px&#8221; header_3_font_size_last_edited=&#8221;on|phone&#8221; header_4_font_size_tablet=&#8221;16px&#8221; header_4_font_size_phone=&#8221;14px&#8221; header_4_font_size_last_edited=&#8221;on|phone&#8221; text_orientation_tablet=&#8221;&#8221; text_orientation_phone=&#8221;left&#8221; text_orientation_last_edited=&#8221;on|phone&#8221; module_alignment_tablet=&#8221;&#8221; module_alignment_phone=&#8221;right&#8221; module_alignment_last_edited=&#8221;on|phone&#8221; locked=&#8221;off&#8221; inline_fonts=&#8221;Muli&#8221; global_colors_info=&#8221;{}&#8221; header_2_3_font_size_tablet=&#8221;28px&#8221; header_3_3_font_size_tablet=&#8221;28px&#8221; header_4_3_font_size_tablet=&#8221;28px&#8221; header_5_3_font_size_tablet=&#8221;28px&#8221; header_6_3_font_size_tablet=&#8221;28px&#8221; header_2_3_font_size_phone=&#8221;18px&#8221; header_3_3_font_size_phone=&#8221;18px&#8221; header_4_3_font_size_phone=&#8221;18px&#8221; header_5_3_font_size_phone=&#8221;18px&#8221; header_6_3_font_size_phone=&#8221;18px&#8221; header_2_3_font_size_last_edited=&#8221;on|phone&#8221; header_3_3_font_size_last_edited=&#8221;on|phone&#8221; header_4_3_font_size_last_edited=&#8221;on|phone&#8221; header_5_3_font_size_last_edited=&#8221;on|phone&#8221; header_6_3_font_size_last_edited=&#8221;on|phone&#8221;]<\/p>\n<h4><span style=\"color: #c864de;\">2022<\/span><\/h4>\n<h3><span style=\"color: #c864de;\">mar limone<\/span><\/h3>\n<p><span style=\"font-weight: normal; font-size: medium;\">Nei locali della residenza storica di Villa Avellino, inizia una nuova storia:<\/span><br \/><span style=\"font-weight: normal; font-size: medium;\"><a href=\"https:\/\/www.marlimone.it\">MAR LIMONE<\/a> | Bar, cucina e acidit\u00e0.<\/span><\/p>\n<p>[\/et_pb_text][et_pb_text _builder_version=&#8221;4.10.7&#8243; header_3_font=&#8221;Oswald|||on|||||&#8221; header_3_font_size=&#8221;40px&#8221; header_3_line_height=&#8221;1.4em&#8221; header_4_font=&#8221;Oswald||||||||&#8221; header_4_text_color=&#8221;#df5518&#8243; header_4_font_size=&#8221;20px&#8221; header_4_line_height=&#8221;1.4em&#8221; width=&#8221;45%&#8221; width_tablet=&#8221;&#8221; width_phone=&#8221;90%&#8221; width_last_edited=&#8221;on|phone&#8221; module_alignment=&#8221;right&#8221; custom_padding_tablet=&#8221;0px||0px||true|false&#8221; custom_padding_last_edited=&#8221;off|desktop&#8221; header_3_font_size_tablet=&#8221;28px&#8221; header_3_font_size_phone=&#8221;18px&#8221; header_3_font_size_last_edited=&#8221;on|phone&#8221; header_4_font_size_tablet=&#8221;16px&#8221; header_4_font_size_phone=&#8221;14px&#8221; header_4_font_size_last_edited=&#8221;on|phone&#8221; module_alignment_tablet=&#8221;&#8221; module_alignment_phone=&#8221;right&#8221; module_alignment_last_edited=&#8221;on|phone&#8221; locked=&#8221;off&#8221; inline_fonts=&#8221;Muli&#8221; global_colors_info=&#8221;{}&#8221; header_2_3_font_size_tablet=&#8221;28px&#8221; header_3_3_font_size_tablet=&#8221;28px&#8221; header_4_3_font_size_tablet=&#8221;28px&#8221; header_5_3_font_size_tablet=&#8221;28px&#8221; header_6_3_font_size_tablet=&#8221;28px&#8221; header_2_3_font_size_phone=&#8221;18px&#8221; header_3_3_font_size_phone=&#8221;18px&#8221; header_4_3_font_size_phone=&#8221;18px&#8221; header_5_3_font_size_phone=&#8221;18px&#8221; header_6_3_font_size_phone=&#8221;18px&#8221; header_2_3_font_size_last_edited=&#8221;on|phone&#8221; header_3_3_font_size_last_edited=&#8221;on|phone&#8221; header_4_3_font_size_last_edited=&#8221;on|phone&#8221; header_5_3_font_size_last_edited=&#8221;on|phone&#8221; header_6_3_font_size_last_edited=&#8221;on|phone&#8221;]<\/p>\n<h4><span style=\"color: #1b8bb0;\">2023<\/span><\/h4>\n<h3><span style=\"color: #1b8bb0;\">marialga<\/span><\/h3>\n<p><span style=\"font-size: medium;\">Tempo per una nuova idea, nasce <a href=\"https:\/\/www.maestridelsannio.it\/index.php?option=com_virtuemart&amp;view=productdetails&amp;virtuemart_product_id=2&amp;virtuemart_category_id=2#:~:text=Description-,Marialga%20%C3%A8%20una%20birra%20prodotta%20in%20collaborazione%20con%20la%20Chef,botte%20per%20circa%20due%20anni.\">Marialga<\/a>, birra acida artigianale con alghe e con Marianna Vitale. In collaborazione con il birrificio Maestri del Sannio.<\/span>[\/et_pb_text][\/et_pb_column_inner][\/et_pb_row_inner][\/et_pb_column][\/et_pb_section][et_pb_section fb_built=&#8221;1&#8243; admin_label=&#8221;About&#8221; _builder_version=&#8221;4.10.7&#8243; background_color=&#8221;#f9f4ee&#8221; use_background_color_gradient=&#8221;on&#8221; background_color_gradient_start=&#8221;#ffffff&#8221; background_color_gradient_end=&#8221;#ffffff&#8221; overflow-x=&#8221;hidden&#8221; overflow-y=&#8221;hidden&#8221; custom_padding=&#8221;2px|||||&#8221; global_colors_info=&#8221;{}&#8221;][et_pb_row column_structure=&#8221;2_5,3_5&#8243; _builder_version=&#8221;4.10.7&#8243; global_colors_info=&#8221;{}&#8221;][et_pb_column type=&#8221;2_5&#8243; _builder_version=&#8221;4.0.6&#8243; custom_padding=&#8221;50px||||false|false&#8221; custom_padding_tablet=&#8221;0px||||false|false&#8221; custom_padding_phone=&#8221;&#8221; custom_padding_last_edited=&#8221;on|phone&#8221; global_colors_info=&#8221;{}&#8221;][et_pb_image src=&#8221;http:\/\/sudristorante.it\/wp-content\/uploads\/2020\/09\/Poesia-minestra.png&#8221; title_text=&#8221;Poesia minestra&#8221; _builder_version=&#8221;4.10.7&#8243; _module_preset=&#8221;default&#8221; global_colors_info=&#8221;{}&#8221;][\/et_pb_image][\/et_pb_column][et_pb_column type=&#8221;3_5&#8243; _builder_version=&#8221;4.10.7&#8243; background_image=&#8221;http:\/\/sudristorante.it\/wp-content\/uploads\/2020\/09\/Carta-Nap-50-Blu.png&#8221; background_size=&#8221;initial&#8221; background_repeat=&#8221;repeat&#8221; border_color_all=&#8221;#000000&#8243; border_width_all_tablet=&#8221;0px&#8221; border_width_all_phone=&#8221;0px&#8221; border_width_all_last_edited=&#8221;on|phone&#8221; global_colors_info=&#8221;{}&#8221;][et_pb_image src=&#8221;http:\/\/sudristorante.it\/wp-content\/uploads\/2020\/09\/Minestra-di-mare-Marianna-Vitale.png&#8221; title_text=&#8221;Minestra di mare Marianna Vitale&#8221; _builder_version=&#8221;4.10.7&#8243; custom_margin=&#8221;-5%|-55%|-10%|-6%|false|false&#8221; custom_margin_tablet=&#8221;|-8%||-8%|false|true&#8221; custom_margin_phone=&#8221;|-8%||-8%|false|true&#8221; custom_margin_last_edited=&#8221;on|phone&#8221; locked=&#8221;off&#8221; global_colors_info=&#8221;{}&#8221;][\/et_pb_image][\/et_pb_column][\/et_pb_row][\/et_pb_section][et_pb_section fb_built=&#8221;1&#8243; admin_label=&#8221;Footer&#8221; _builder_version=&#8221;4.0.6&#8243; background_color=&#8221;#ffffff&#8221; custom_margin=&#8221;-15px|||||&#8221; custom_padding=&#8221;0px||0px|||&#8221; saved_tabs=&#8221;all&#8221; locked=&#8221;off&#8221; global_colors_info=&#8221;{}&#8221;][et_pb_row _builder_version=&#8221;4.0.6&#8243; custom_padding=&#8221;0px|||||&#8221; locked=&#8221;off&#8221; global_colors_info=&#8221;{}&#8221;][et_pb_column type=&#8221;4_4&#8243; _builder_version=&#8221;4.0.6&#8243; global_colors_info=&#8221;{}&#8221;][et_pb_social_media_follow _builder_version=&#8221;4.10.7&#8243; text_orientation=&#8221;left&#8221; custom_margin=&#8221;-9px|||||&#8221; custom_padding=&#8221;0px|||||&#8221; global_colors_info=&#8221;{}&#8221;][et_pb_social_media_follow_network social_network=&#8221;facebook&#8221; url=&#8221;http:\/\/www.facebook.com\/sudristorante&#8221; icon_color=&#8221;#0e0e0e&#8221; _builder_version=&#8221;4.10.7&#8243; background_color=&#8221;#ffffff&#8221; background_enable_color=&#8221;on&#8221; global_colors_info=&#8221;{}&#8221; follow_button=&#8221;off&#8221; url_new_window=&#8221;on&#8221;]facebook[\/et_pb_social_media_follow_network][et_pb_social_media_follow_network social_network=&#8221;instagram&#8221; url=&#8221;http:\/\/www.instagram.com\/sudristorante&#8221; icon_color=&#8221;#0e0e0e&#8221; _builder_version=&#8221;4.10.7&#8243; background_color=&#8221;#ffffff&#8221; background_enable_color=&#8221;on&#8221; global_colors_info=&#8221;{}&#8221; follow_button=&#8221;off&#8221; url_new_window=&#8221;on&#8221;]instagram[\/et_pb_social_media_follow_network][\/et_pb_social_media_follow][et_pb_divider color=&#8221;#0e0e0e&#8221; divider_position=&#8221;center&#8221; divider_weight=&#8221;1px&#8221; _builder_version=&#8221;4.0.6&#8243; width=&#8221;100%&#8221; custom_margin=&#8221;-48px||8px|||&#8221; custom_padding=&#8221;0px||0px|||&#8221; locked=&#8221;off&#8221; global_colors_info=&#8221;{}&#8221;][\/et_pb_divider][et_pb_text _builder_version=&#8221;4.10.7&#8243; text_font=&#8221;Mulish||||||||&#8221; global_colors_info=&#8221;{}&#8221;]<\/p>\n<h6 class=\"textwidget\" style=\"text-align: center;\"><span><strong>SUD<\/strong>\u00a0| Via Santi Pietro e Paolo 8, Quarto (NA) Tel\u00a0<a href=\"tel:+390810202708\">081 0202708<\/a>\u00a0\/\u00a0<a href=\"tel:+393270104725\">327 0104725<\/a>\u00a0| <a href=\"mailto:info@sudristorante.it\">Scrivici<\/a>\u00a0| P.IVA: 05932261216<\/span><\/h6>\n<p>[\/et_pb_text][\/et_pb_column][\/et_pb_row][\/et_pb_section]<\/p>\n","protected":false},"excerpt":{"rendered":"<p>MARIANNA VITALEClasse 1980. Nata a Napoli, cresciuta a Porta Capuana. Marianna si \u00e8 laureata summa cum laude nel 2004 in lingua e letteratura spagnola con una tesi sul mito del \u201cConvitato di Pietra\u201d. Votata religiosamente al culto del cibo, nel maggio 2009 ha aperto Sud Ristorante con Pino Esposito a Quarto Flegreo, in provincia di [&hellip;]<\/p>\n","protected":false},"author":1,"featured_media":0,"parent":0,"menu_order":0,"comment_status":"closed","ping_status":"closed","template":"","meta":{"_et_pb_use_builder":"on","_et_pb_old_content":"<!-- wp:shortcode -->[woocommerce_my_account]<!-- \/wp:shortcode -->","_et_gb_content_width":"","footnotes":""},"class_list":["post-116","page","type-page","status-publish","hentry"],"_links":{"self":[{"href":"https:\/\/sudristorante.it\/eng\/wp-json\/wp\/v2\/pages\/116","targetHints":{"allow":["GET"]}}],"collection":[{"href":"https:\/\/sudristorante.it\/eng\/wp-json\/wp\/v2\/pages"}],"about":[{"href":"https:\/\/sudristorante.it\/eng\/wp-json\/wp\/v2\/types\/page"}],"author":[{"embeddable":true,"href":"https:\/\/sudristorante.it\/eng\/wp-json\/wp\/v2\/users\/1"}],"replies":[{"embeddable":true,"href":"https:\/\/sudristorante.it\/eng\/wp-json\/wp\/v2\/comments?post=116"}],"version-history":[{"count":61,"href":"https:\/\/sudristorante.it\/eng\/wp-json\/wp\/v2\/pages\/116\/revisions"}],"predecessor-version":[{"id":3084,"href":"https:\/\/sudristorante.it\/eng\/wp-json\/wp\/v2\/pages\/116\/revisions\/3084"}],"wp:attachment":[{"href":"https:\/\/sudristorante.it\/eng\/wp-json\/wp\/v2\/media?parent=116"}],"curies":[{"name":"wp","href":"https:\/\/api.w.org\/{rel}","templated":true}]}}